{"id":2928,"date":"2023-06-13T13:18:51","date_gmt":"2023-06-13T13:18:51","guid":{"rendered":"https:\/\/femodena.com\/?page_id=2928"},"modified":"2026-03-26T15:32:52","modified_gmt":"2026-03-26T15:32:52","slug":"alba-gallardo","status":"publish","type":"page","link":"https:\/\/femodena.com\/index.php\/alba-gallardo\/","title":{"rendered":"Alba Gallardo"},"content":{"rendered":"<p><img loading=\"lazy\" decoding=\"async\" class=\" wp-image-2495 alignleft\" src=\"https:\/\/femodena.com\/wp-content\/uploads\/2023\/04\/2_Alba-819x1024.jpg\" alt=\"\" width=\"420\" height=\"525\" srcset=\"https:\/\/femodena.com\/wp-content\/uploads\/2023\/04\/2_Alba-819x1024.jpg 819w, https:\/\/femodena.com\/wp-content\/uploads\/2023\/04\/2_Alba-240x300.jpg 240w, https:\/\/femodena.com\/wp-content\/uploads\/2023\/04\/2_Alba-768x960.jpg 768w, https:\/\/femodena.com\/wp-content\/uploads\/2023\/04\/2_Alba.jpg 1080w\" sizes=\"auto, (max-width: 420px) 100vw, 420px\" \/><\/p>\n<h3>Alba Gallardo 35 anys.<\/h3>\n<h3>Ve\u00efna de Manyoses (Pla d\u2019\u00d2dena)<\/h3>\n<h3>Educadora social amb experi\u00e8ncia amb persones grans, serveis socials, inf\u00e0ncia i adolesc\u00e8ncia, a l\u2019administraci\u00f3 p\u00fablica i al sector privat.<\/h3>\n<h3>Implicada a la vida social del Pla d\u2019\u00d2dena, havia format part de la Junta de l\u2019associaci\u00f3 de ve\u00efns La Coraza.<\/h3>\n<h3>Odenenca de naixement, ha estat Regidora de Benestar social, persones grans, joventut, educaci\u00f3, pol\u00edtiques d\u2019igualtat i biblioteca durant els anys 2019 al 2022 amb el govern de @fem_odena<\/h3>\n<h3>\u270aUna persona proactiva, amb il.lusi\u00f3 i amb sentiment de pertinen\u00e7a d\u2019on viu. S\u2019estima \u00d2dena<\/h3>\n<h3>Gaudeix del nostre entorn natural diariament passejant les seves gosses?? li agrada compartir amb la fam\u00edlia i viatjar.<\/h3>\n<h2><img decoding=\"async\" class=\"emoji\" role=\"img\" draggable=\"false\" src=\"https:\/\/s.w.org\/images\/core\/emoji\/14.0.0\/svg\/270a-1f3fd.svg\" alt=\"\u270a\">Fem \u00d2dena, tornem a fer-ho possible !<\/h2>\n","protected":false},"excerpt":{"rendered":"<p>Alba Gallardo 35 anys. Ve\u00efna de Manyoses (Pla d\u2019\u00d2dena) Educadora social amb experi\u00e8ncia amb persones grans, serveis socials, inf\u00e0ncia i adolesc\u00e8ncia, a l\u2019administraci\u00f3 p\u00fablica i al sector privat. Implicada a la vida social del Pla d\u2019\u00d2dena, havia format part de la Junta de l\u2019associaci\u00f3 de ve\u00efns La Coraza. Odenenca de naixement, ha estat Regidora de&hellip;<\/p>\n","protected":false},"author":1,"featured_media":0,"parent":0,"menu_order":0,"comment_status":"closed","ping_status":"closed","template":"page-templates\/full-width.php","meta":{"ngg_post_thumbnail":0,"footnotes":""},"class_list":["post-2928","page","type-page","status-publish","hentry"],"_links":{"self":[{"href":"https:\/\/femodena.com\/index.php\/wp-json\/wp\/v2\/pages\/2928","targetHints":{"allow":["GET"]}}],"collection":[{"href":"https:\/\/femodena.com\/index.php\/wp-json\/wp\/v2\/pages"}],"about":[{"href":"https:\/\/femodena.com\/index.php\/wp-json\/wp\/v2\/types\/page"}],"author":[{"embeddable":true,"href":"https:\/\/femodena.com\/index.php\/wp-json\/wp\/v2\/users\/1"}],"replies":[{"embeddable":true,"href":"https:\/\/femodena.com\/index.php\/wp-json\/wp\/v2\/comments?post=2928"}],"version-history":[{"count":4,"href":"https:\/\/femodena.com\/index.php\/wp-json\/wp\/v2\/pages\/2928\/revisions"}],"predecessor-version":[{"id":3293,"href":"https:\/\/femodena.com\/index.php\/wp-json\/wp\/v2\/pages\/2928\/revisions\/3293"}],"wp:attachment":[{"href":"https:\/\/femodena.com\/index.php\/wp-json\/wp\/v2\/media?parent=2928"}],"curies":[{"name":"wp","href":"https:\/\/api.w.org\/{rel}","templated":true}]}}