{"id":2771,"date":"2023-05-23T13:38:37","date_gmt":"2023-05-23T13:38:37","guid":{"rendered":"https:\/\/femodena.com\/?page_id=2771"},"modified":"2026-03-26T15:44:50","modified_gmt":"2026-03-26T15:44:50","slug":"sibi-claver","status":"publish","type":"page","link":"https:\/\/femodena.com\/index.php\/sibi-claver\/","title":{"rendered":"Sibi Claver"},"content":{"rendered":"<h3><img loading=\"lazy\" decoding=\"async\" class=\"wp-image-2500 alignleft\" src=\"https:\/\/femodena.com\/wp-content\/uploads\/2023\/04\/7_Sibi-819x1024.jpg\" alt=\"\" width=\"427\" height=\"534\" srcset=\"https:\/\/femodena.com\/wp-content\/uploads\/2023\/04\/7_Sibi-819x1024.jpg 819w, https:\/\/femodena.com\/wp-content\/uploads\/2023\/04\/7_Sibi-240x300.jpg 240w, https:\/\/femodena.com\/wp-content\/uploads\/2023\/04\/7_Sibi-768x960.jpg 768w, https:\/\/femodena.com\/wp-content\/uploads\/2023\/04\/7_Sibi.jpg 1080w\" sizes=\"auto, (max-width: 427px) 100vw, 427px\" \/><\/h3>\n<h3>Sibi Claver, 59 anys i pare d\u2019un fill.<\/h3>\n<h3>Ve\u00ed del nucli.<\/h3>\n<h3>\u00c9s conductor de camions de recollida de residus urbans i reciclatge.\u267b\ufe0f<\/h3>\n<h3>\u26bd\ufe0fMolt vinculat al m\u00f3n del futbol, va presidir el Centre d\u2019Esports \u00d2dena 3 anys, formant part de la junta directiva durant 12 temporades. Actualment \u00e9s sub-delegat de la Federaci\u00f3 Catalana de Futbol.\u26bd\ufe0f<\/h3>\n<h3>Li agrada el contacte amb la gent, estar amb la fam\u00edlia i passejar pels entorns del poble amb la seva dona i la seva gosseta.<\/h3>\n<h2><img decoding=\"async\" class=\"emoji\" role=\"img\" draggable=\"false\" src=\"https:\/\/s.w.org\/images\/core\/emoji\/14.0.0\/svg\/270a-1f3fd.svg\" alt=\"\u270a?\">Fem \u00d2dena, tornem a fer-ho possible !<\/h2>\n","protected":false},"excerpt":{"rendered":"<p>Sibi Claver, 59 anys i pare d\u2019un fill. Ve\u00ed del nucli. \u00c9s conductor de camions de recollida de residus urbans i reciclatge.\u267b\ufe0f \u26bd\ufe0fMolt vinculat al m\u00f3n del futbol, va presidir el Centre d\u2019Esports \u00d2dena 3 anys, formant part de la junta directiva durant 12 temporades. Actualment \u00e9s sub-delegat de la Federaci\u00f3 Catalana de Futbol.\u26bd\ufe0f Li&hellip;<\/p>\n","protected":false},"author":1,"featured_media":0,"parent":0,"menu_order":0,"comment_status":"closed","ping_status":"closed","template":"page-templates\/full-width.php","meta":{"ngg_post_thumbnail":0,"footnotes":""},"class_list":["post-2771","page","type-page","status-publish","hentry"],"_links":{"self":[{"href":"https:\/\/femodena.com\/index.php\/wp-json\/wp\/v2\/pages\/2771","targetHints":{"allow":["GET"]}}],"collection":[{"href":"https:\/\/femodena.com\/index.php\/wp-json\/wp\/v2\/pages"}],"about":[{"href":"https:\/\/femodena.com\/index.php\/wp-json\/wp\/v2\/types\/page"}],"author":[{"embeddable":true,"href":"https:\/\/femodena.com\/index.php\/wp-json\/wp\/v2\/users\/1"}],"replies":[{"embeddable":true,"href":"https:\/\/femodena.com\/index.php\/wp-json\/wp\/v2\/comments?post=2771"}],"version-history":[{"count":2,"href":"https:\/\/femodena.com\/index.php\/wp-json\/wp\/v2\/pages\/2771\/revisions"}],"predecessor-version":[{"id":3317,"href":"https:\/\/femodena.com\/index.php\/wp-json\/wp\/v2\/pages\/2771\/revisions\/3317"}],"wp:attachment":[{"href":"https:\/\/femodena.com\/index.php\/wp-json\/wp\/v2\/media?parent=2771"}],"curies":[{"name":"wp","href":"https:\/\/api.w.org\/{rel}","templated":true}]}}