{"id":1075,"date":"2022-05-24T11:21:12","date_gmt":"2022-05-24T11:21:12","guid":{"rendered":"https:\/\/femodena.com\/?page_id=1075"},"modified":"2025-10-09T14:07:10","modified_gmt":"2025-10-09T14:07:10","slug":"educacio","status":"publish","type":"page","link":"https:\/\/femodena.com\/index.php\/educacio\/","title":{"rendered":"Educaci\u00f3"},"content":{"rendered":"<p><b>EDUCACI\u00d3<\/b><\/p>\n<p>1.Servei de refor\u00e7 escolar gratu\u00eft realitzat setmanalment al Centre C\u00edvic, per a infants i joves de 6 a 14 anys<\/p>\n<p>2.Projecte Creix: curs d\u2019autoconeixement per a joves de 12 a 16 anys. Gratu\u00eft. Per\u00edode d\u2019inscripci\u00f3 obert. Es realitza al Centre C\u00edvic<\/p>\n<p>3.Entrega de 10.000\u20ac en ajuts universitaris i cicles formatius de grau superior<\/p>\n<p>4.Beques per a infants en risc per a assistir a l\u2019escola d\u2019estiu municipal<\/p>\n<p>5.Inici al mar\u00e7 2022 del curs d\u2019alfabetitzaci\u00f3 en catal\u00e0 al Centre C\u00edvic del Pla<\/p>\n<p>6.Beques de transport escolar per als alumnes de l\u2019IE Castell d\u2019\u00d2dena residents a masies i nuclis a m\u00e9s de 4 quil\u00f2metres<\/p>\n<p>7.Inici del projecte PIDCES amb els alumnes de 1r i 2n ESO de l\u2019IE Castell d\u2019\u00d2dena<\/p>\n","protected":false},"excerpt":{"rendered":"<p>EDUCACI\u00d3 1.Servei de refor\u00e7 escolar gratu\u00eft realitzat setmanalment al Centre C\u00edvic, per a infants i joves de 6 a 14 anys 2.Projecte Creix: curs d\u2019autoconeixement per a joves de 12 a 16 anys. Gratu\u00eft. Per\u00edode d\u2019inscripci\u00f3 obert. Es realitza al Centre C\u00edvic 3.Entrega de 10.000\u20ac en ajuts universitaris i cicles formatius de grau superior 4.Beques&hellip;<\/p>\n","protected":false},"author":1,"featured_media":0,"parent":0,"menu_order":0,"comment_status":"closed","ping_status":"closed","template":"page-templates\/full-width.php","meta":{"ngg_post_thumbnail":0,"footnotes":""},"class_list":["post-1075","page","type-page","status-publish","hentry"],"_links":{"self":[{"href":"https:\/\/femodena.com\/index.php\/wp-json\/wp\/v2\/pages\/1075","targetHints":{"allow":["GET"]}}],"collection":[{"href":"https:\/\/femodena.com\/index.php\/wp-json\/wp\/v2\/pages"}],"about":[{"href":"https:\/\/femodena.com\/index.php\/wp-json\/wp\/v2\/types\/page"}],"author":[{"embeddable":true,"href":"https:\/\/femodena.com\/index.php\/wp-json\/wp\/v2\/users\/1"}],"replies":[{"embeddable":true,"href":"https:\/\/femodena.com\/index.php\/wp-json\/wp\/v2\/comments?post=1075"}],"version-history":[{"count":1,"href":"https:\/\/femodena.com\/index.php\/wp-json\/wp\/v2\/pages\/1075\/revisions"}],"predecessor-version":[{"id":3175,"href":"https:\/\/femodena.com\/index.php\/wp-json\/wp\/v2\/pages\/1075\/revisions\/3175"}],"wp:attachment":[{"href":"https:\/\/femodena.com\/index.php\/wp-json\/wp\/v2\/media?parent=1075"}],"curies":[{"name":"wp","href":"https:\/\/api.w.org\/{rel}","templated":true}]}}