{"id":1057,"date":"2022-05-24T11:10:26","date_gmt":"2022-05-24T11:10:26","guid":{"rendered":"https:\/\/femodena.com\/?page_id=1057"},"modified":"2025-10-09T14:05:10","modified_gmt":"2025-10-09T14:05:10","slug":"convivencia-veinal","status":"publish","type":"page","link":"https:\/\/femodena.com\/index.php\/convivencia-veinal\/","title":{"rendered":"Convivencia ve\u00efnal"},"content":{"rendered":"<p><b>CONVIV\u00c8NCIA VE\u00cfNAL <\/b><\/p>\n<p>1.Control i fiscalitzaci\u00f3 dels tallers de reparaci\u00f3 de vehicles i gesti\u00f3 per evitar l\u2019estacionament de cotxes de forma massiva al carrer<\/p>\n<p>2.Prohibir l\u2019estacionament de vehicles en diverses cantonades de carrers, per facilitar els girs als vehicles i camions d\u2019escombraries. Carrers: Montserrat, Cal Riba, Comer\u00e7, Manyoses, La L\u00ednia, Anoia i Ametller&nbsp;<\/p>\n<p>3.Retirada dels contenidors problem\u00e0tics del carrer Manyoses i instal\u00b7laci\u00f3 d\u2019una pilona per evitar estacionaments inc\u00edvics<\/p>\n<p><img loading=\"lazy\" decoding=\"async\" class=\" wp-image-1058 alignleft\" src=\"https:\/\/femodena.com\/wp-content\/uploads\/2022\/05\/convivencia1-225x300.jpg\" alt=\"\" width=\"181\" height=\"241\" srcset=\"https:\/\/femodena.com\/wp-content\/uploads\/2022\/05\/convivencia1-225x300.jpg 225w, https:\/\/femodena.com\/wp-content\/uploads\/2022\/05\/convivencia1.jpg 353w\" sizes=\"auto, (max-width: 181px) 100vw, 181px\" \/><\/p>\n<p>&nbsp;<\/p>\n<p>&nbsp;<\/p>\n<p>&nbsp;<\/p>\n<p>&nbsp;<\/p>\n<p>&nbsp;<\/p>\n<p>&nbsp;<\/p>\n<p>&nbsp;<\/p>\n<p><img loading=\"lazy\" decoding=\"async\" class=\"wp-image-1059 alignnone\" src=\"https:\/\/femodena.com\/wp-content\/uploads\/2022\/05\/convivencia2-300x225.jpg\" alt=\"\" width=\"204\" height=\"153\" srcset=\"https:\/\/femodena.com\/wp-content\/uploads\/2022\/05\/convivencia2-300x225.jpg 300w, https:\/\/femodena.com\/wp-content\/uploads\/2022\/05\/convivencia2-136x102.jpg 136w, https:\/\/femodena.com\/wp-content\/uploads\/2022\/05\/convivencia2.jpg 556w\" sizes=\"auto, (max-width: 204px) 100vw, 204px\" \/><\/p>\n<p>4. Creaci\u00f3 d\u2019una comissi\u00f3 per tractar la problem\u00e0tica ve\u00efnal d\u2019okupaci\u00f3 inc\u00edvica<\/p>\n<p>5. Elaboraci\u00f3 d\u2019informes t\u00e8cnics per informar del frau a les companyies de llum, aigua i gas<\/p>\n<p>6. Reclamaci\u00f3 als fons inversors propietaris dels pisos afectats perqu\u00e8 inici\u00efn la via judicial:<\/p>\n<ul>\n<li>Al 2019 es comptabilitzen 33 pisos okupats al Pla<\/li>\n<li>A data d\u2019avui, se n\u2019han desokupat 8 pisos, alguns dels quals estan en venta<\/li>\n<li>Seguim coordinats i amb reunions agendades amb SAREB, Solvia, BBVA\u2026<\/li>\n<\/ul>\n<p>&nbsp;<\/p>\n","protected":false},"excerpt":{"rendered":"<p>CONVIV\u00c8NCIA VE\u00cfNAL 1.Control i fiscalitzaci\u00f3 dels tallers de reparaci\u00f3 de vehicles i gesti\u00f3 per evitar l\u2019estacionament de cotxes de forma massiva al carrer 2.Prohibir l\u2019estacionament de vehicles en diverses cantonades de carrers, per facilitar els girs als vehicles i camions d\u2019escombraries. Carrers: Montserrat, Cal Riba, Comer\u00e7, Manyoses, La L\u00ednia, Anoia i Ametller&nbsp; 3.Retirada dels contenidors&hellip;<\/p>\n","protected":false},"author":1,"featured_media":0,"parent":0,"menu_order":0,"comment_status":"closed","ping_status":"closed","template":"page-templates\/full-width.php","meta":{"ngg_post_thumbnail":0,"footnotes":""},"class_list":["post-1057","page","type-page","status-publish","hentry"],"_links":{"self":[{"href":"https:\/\/femodena.com\/index.php\/wp-json\/wp\/v2\/pages\/1057","targetHints":{"allow":["GET"]}}],"collection":[{"href":"https:\/\/femodena.com\/index.php\/wp-json\/wp\/v2\/pages"}],"about":[{"href":"https:\/\/femodena.com\/index.php\/wp-json\/wp\/v2\/types\/page"}],"author":[{"embeddable":true,"href":"https:\/\/femodena.com\/index.php\/wp-json\/wp\/v2\/users\/1"}],"replies":[{"embeddable":true,"href":"https:\/\/femodena.com\/index.php\/wp-json\/wp\/v2\/comments?post=1057"}],"version-history":[{"count":1,"href":"https:\/\/femodena.com\/index.php\/wp-json\/wp\/v2\/pages\/1057\/revisions"}],"predecessor-version":[{"id":3171,"href":"https:\/\/femodena.com\/index.php\/wp-json\/wp\/v2\/pages\/1057\/revisions\/3171"}],"wp:attachment":[{"href":"https:\/\/femodena.com\/index.php\/wp-json\/wp\/v2\/media?parent=1057"}],"curies":[{"name":"wp","href":"https:\/\/api.w.org\/{rel}","templated":true}]}}